{"id":106,"date":"2021-09-15T20:57:10","date_gmt":"2021-09-15T23:57:10","guid":{"rendered":"http:\/\/localhost\/ppgll\/apresentacao\/perfil-do-egresso\/"},"modified":"2025-06-03T16:00:51","modified_gmt":"2025-06-03T19:00:51","slug":"perfil-de-egresado","status":"publish","type":"page","link":"https:\/\/fale.ufal.br\/ppgll\/es\/presentacion\/perfil-de-egresado\/","title":{"rendered":"Perfil de egresado"},"content":{"rendered":"<p><span style=\"font-weight: 400;\">El egresado del Programa de Posgrado en Ling\u00fc\u00edstica y Literatura es un especialista que, en su actividad profesional, vincula la docencia y la investigaci\u00f3n, mejorando su desempe\u00f1o a trav\u00e9s de una comprensi\u00f3n multidisciplinaria de los diferentes campos de estudio de la ling\u00fc\u00edstica o la literatura, centr\u00e1ndose en el funcionamiento del lenguaje en su diferentes perspectivas e interfaces. De acuerdo con los objetivos del PPGLL, los egresados son capaces de plantear sus propias cuestiones sobre el lenguaje (lengua y literatura), pensadas en su contexto social e hist\u00f3rico. A lo largo de su formaci\u00f3n, este egresado desarrolla una capacidad te\u00f3rica sobre el lenguaje que le permite evaluar su mediaci\u00f3n, como instrumento, frente a los objetos cient\u00edficos que son sus objetos de conocimiento, en las diferentes \u00e1reas de conocimiento en las que se ubica.<\/span><\/p>\n<p><span style=\"font-weight: 400;\">Al obtener el t\u00edtulo de mag\u00edster o doctor en el PPGLL, dada su formaci\u00f3n de alto nivel, el egresado se convierte en un sujeto capaz de reflexionar cr\u00edticamente sobre los conocimientos e instrumentos del lenguaje (lengua o literatura) en relaci\u00f3n con la sociedad, vinculando estos conocimientos con sus actividades profesionales, cualquiera que sea su \u00e1rea de actuaci\u00f3n; este cient\u00edfico del lenguaje es tambi\u00e9n un profesional capaz de trabajar en diferentes niveles educativos (educaci\u00f3n primaria, secundaria o superior) articulando conocimientos de \/ sobre el lenguaje para contribuir a la ense\u00f1anza y el aprendizaje de la (s) lengua(s) y la(s) literatura(s), con orientaci\u00f3n y actividades de extensi\u00f3n, con la elaboraci\u00f3n de pol\u00edticas p\u00fablicas y con diversas actividades propuestas en dominios de otras disciplinas.\u00a0<\/span><\/p>\n<p><span style=\"font-weight: 400;\">Los especialistas egresados del PPGLL han asumido sus cargos como profesores investigadores o profesionales de diferentes \u00e1reas, ingresando en nuevas \u00e1reas de actividad, dada su formaci\u00f3n de posgrado. Los egresados del Programa se han desempe\u00f1ado como docentes en varias instituciones de educaci\u00f3n superior de la regi\u00f3n, otros son profesores de escuelas p\u00fablicas en varias ciudades de Alagoas y de otros estados. Como puede apreciarse, la formaci\u00f3n impartida por el Programa ha permitido tanto una inserci\u00f3n en la carrera universitaria como una mejora en las distintas pr\u00e1cticas profesionales, posibilitando a los egresados la b\u00fasqueda de nuevos espacios y formas de actuaci\u00f3n.<\/span><\/p>\n<p>&nbsp;<\/p>\n","protected":false},"excerpt":{"rendered":"<p>El egresado del Programa de Posgrado en Ling\u00fc\u00edstica y Literatura es un especialista que, en su actividad profesional, vincula la [&hellip;]<\/p>\n","protected":false},"author":1,"featured_media":0,"parent":72,"menu_order":35,"comment_status":"closed","ping_status":"closed","template":"tpl\/tpl-page-about-egressos.php","meta":{"_acf_changed":false,"footnotes":""},"class_list":["post-106","page","type-page","status-publish","hentry"],"acf":[],"_links":{"self":[{"href":"https:\/\/fale.ufal.br\/ppgll\/es\/wp-json\/wp\/v2\/pages\/106","targetHints":{"allow":["GET"]}}],"collection":[{"href":"https:\/\/fale.ufal.br\/ppgll\/es\/wp-json\/wp\/v2\/pages"}],"about":[{"href":"https:\/\/fale.ufal.br\/ppgll\/es\/wp-json\/wp\/v2\/types\/page"}],"author":[{"embeddable":true,"href":"https:\/\/fale.ufal.br\/ppgll\/es\/wp-json\/wp\/v2\/users\/1"}],"replies":[{"embeddable":true,"href":"https:\/\/fale.ufal.br\/ppgll\/es\/wp-json\/wp\/v2\/comments?post=106"}],"version-history":[{"count":3,"href":"https:\/\/fale.ufal.br\/ppgll\/es\/wp-json\/wp\/v2\/pages\/106\/revisions"}],"predecessor-version":[{"id":3982,"href":"https:\/\/fale.ufal.br\/ppgll\/es\/wp-json\/wp\/v2\/pages\/106\/revisions\/3982"}],"up":[{"embeddable":true,"href":"https:\/\/fale.ufal.br\/ppgll\/es\/wp-json\/wp\/v2\/pages\/72"}],"wp:attachment":[{"href":"https:\/\/fale.ufal.br\/ppgll\/es\/wp-json\/wp\/v2\/media?parent=106"}],"curies":[{"name":"wp","href":"https:\/\/api.w.org\/{rel}","templated":true}]}}