{"id":86,"date":"2021-09-15T20:52:39","date_gmt":"2021-09-15T23:52:39","guid":{"rendered":"http:\/\/localhost\/ppgll\/?page_id=86"},"modified":"2025-06-03T15:51:42","modified_gmt":"2025-06-03T18:51:42","slug":"historico","status":"publish","type":"page","link":"https:\/\/fale.ufal.br\/ppgll\/es\/presentacion\/historico\/","title":{"rendered":"Hist\u00f3rico"},"content":{"rendered":"<p><span style=\"font-weight: 400;\">El 25 de enero de 1961, con la creaci\u00f3n de la Universidad Federal de Alagoas, comenzaron a funcionar en las instalaciones de la UFAL los cursos de grado que se ofrec\u00edan en el estado. Durante este per\u00edodo, el Curso de Letras de Alagoas, inaugurado en 1950 con la fundaci\u00f3n de la Facultad de Filosof\u00eda de Alagoas (FFA), que ya era una referencia en la formaci\u00f3n de profesores calificados para la docencia en la ense\u00f1anza media, tambi\u00e9n comenz\u00f3 a funcionar en la UFAL.\u00a0<\/span><\/p>\n<p><span style=\"font-weight: 400;\">En los a\u00f1os setenta, con la institucionalizaci\u00f3n del Centro de Ciencias Humanas, Letras y Artes (CHLA), se crea el Departamento de Letras y Artes (LAR).\u00a0<\/span><\/p>\n<p><span style=\"font-weight: 400;\">En 1980 se disuelve el Departamento de Letras y Artes y se instala una nueva configuraci\u00f3n: nacen el Departamento de Lenguas Cl\u00e1sicas y Vern\u00e1culas y el Departamento de Lenguas Extranjeras Modernas, constituy\u00e9ndose as\u00ed las dos grandes \u00e1reas de formaci\u00f3n del curso de Letras.<\/span><\/p>\n<p><span style=\"font-weight: 400;\">A\u00fan en los a\u00f1os ochenta, la investigaci\u00f3n realizada en el \u00e1rea de Letras, sobre el uso de la lengua portuguesa en situaciones de ense\u00f1anza y estudios en Literatura Brasile\u00f1a, combinada con la necesidad de renovaci\u00f3n de la ense\u00f1anza de grado, condujo a la creaci\u00f3n de Cursos de Posgrado <\/span><i><span style=\"font-weight: 400;\">lato sensu<\/span><\/i><span style=\"font-weight: 400;\"> (especializaci\u00f3n).\u00a0<\/span><\/p>\n<p><span style=\"font-weight: 400;\">Posteriormente, en 1989, se produjo un hito importante en la historia del curso: la implantaci\u00f3n de la Maestr\u00eda en Letras y Ling\u00fc\u00edstica, el primer curso de posgrado <\/span><i><span style=\"font-weight: 400;\">stricto sensu<\/span><\/i><span style=\"font-weight: 400;\"> en la UFAL, un proyecto elaborado y presentado por la profesora Maria Denilda Moura.\u00a0<\/span><\/p>\n<p><span style=\"font-weight: 400;\">En la d\u00e9cada del noventa se comenz\u00f3 a perfilar el proyecto de Doctorado en Letras, y el curso se implement\u00f3 efectivamente en 1995, con la selecci\u00f3n de estudiantes regulares. En 1999, el curso de Doctorado fue recomendado por la CAPES. As\u00ed naci\u00f3 el Programa de Posgrado en Lenguas y Ling\u00fc\u00edstica, actualmente Programa de Posgrado en Ling\u00fc\u00edstica y Literatura (PPGLL). En su propuesta, el PPGLL busca promover una adecuada articulaci\u00f3n entre \u00e1reas de concentraci\u00f3n, objetivos, l\u00edneas y proyectos de investigaci\u00f3n y matrices curriculares. Actualmente, el programa cuenta con dos \u00e1reas de concentraci\u00f3n, Ling\u00fc\u00edstica y Estudios Literarios, que articulan cuatro l\u00edneas de investigaci\u00f3n.\u00a0<\/span><\/p>\n<p><br style=\"font-weight: 400;\" \/><br style=\"font-weight: 400;\" \/><\/p>\n","protected":false},"excerpt":{"rendered":"<p>El 25 de enero de 1961, con la creaci\u00f3n de la Universidad Federal de Alagoas, comenzaron a funcionar en las [&hellip;]<\/p>\n","protected":false},"author":1,"featured_media":0,"parent":72,"menu_order":20,"comment_status":"closed","ping_status":"closed","template":"tpl\/tpl-page-about.php","meta":{"_acf_changed":false,"footnotes":""},"class_list":["post-86","page","type-page","status-publish","hentry"],"acf":[],"_links":{"self":[{"href":"https:\/\/fale.ufal.br\/ppgll\/es\/wp-json\/wp\/v2\/pages\/86","targetHints":{"allow":["GET"]}}],"collection":[{"href":"https:\/\/fale.ufal.br\/ppgll\/es\/wp-json\/wp\/v2\/pages"}],"about":[{"href":"https:\/\/fale.ufal.br\/ppgll\/es\/wp-json\/wp\/v2\/types\/page"}],"author":[{"embeddable":true,"href":"https:\/\/fale.ufal.br\/ppgll\/es\/wp-json\/wp\/v2\/users\/1"}],"replies":[{"embeddable":true,"href":"https:\/\/fale.ufal.br\/ppgll\/es\/wp-json\/wp\/v2\/comments?post=86"}],"version-history":[{"count":2,"href":"https:\/\/fale.ufal.br\/ppgll\/es\/wp-json\/wp\/v2\/pages\/86\/revisions"}],"predecessor-version":[{"id":3977,"href":"https:\/\/fale.ufal.br\/ppgll\/es\/wp-json\/wp\/v2\/pages\/86\/revisions\/3977"}],"up":[{"embeddable":true,"href":"https:\/\/fale.ufal.br\/ppgll\/es\/wp-json\/wp\/v2\/pages\/72"}],"wp:attachment":[{"href":"https:\/\/fale.ufal.br\/ppgll\/es\/wp-json\/wp\/v2\/media?parent=86"}],"curies":[{"name":"wp","href":"https:\/\/api.w.org\/{rel}","templated":true}]}}